{"id":5360,"date":"2025-01-01T00:01:24","date_gmt":"2025-01-01T00:01:24","guid":{"rendered":"https:\/\/www.pvl-vzw.be\/?post_type=projecten&#038;p=5360"},"modified":"2024-12-18T10:35:42","modified_gmt":"2024-12-18T10:35:42","slug":"graskracht-de-kracht-van-grasland-als-hefboom-voor-een-efficientere-stikstofkringloop-op-het-melkveebedrijf","status":"publish","type":"projecten","link":"https:\/\/www.pvl-vzw.be\/fr\/projecten\/graskracht-de-kracht-van-grasland-als-hefboom-voor-een-efficientere-stikstofkringloop-op-het-melkveebedrijf\/","title":{"rendered":"Le pouvoir de l'herbe : le pouvoir des prairies comme levier pour un cycle de l'azote plus efficace dans l'exploitation laiti\u00e8re"},"content":{"rendered":"<p>Ce projet vise \u00e0 aider les \u00e9leveurs laitiers \u00e0 faire le bon choix en ce qui concerne les diff\u00e9rents aspects de la r\u00e9colte de fourrage d'herbe, y compris le tr\u00e8fle et les herbes productives, en mettant l'accent sur la gestion des nutriments. Pour ce faire, l'efficacit\u00e9 brute de l'azote sera contr\u00f4l\u00e9e et mesur\u00e9e sur des parcelles pr\u00e9sentant des diff\u00e9rences connues en mati\u00e8re de fertilisation, de fr\u00e9quence de fauchage, de m\u00e9langes de gramin\u00e9es, etc.<\/p>\n<p>En outre, la m\u00eame \u00e9valuation sera effectu\u00e9e au niveau de l'exploitation, y compris le co\u00fbt de la gestion des prairies et la valorisation (en euros) de l'herbe lorsqu'elle est incorpor\u00e9e \u00e0 la ration. Hooibeekhoeve communiquera largement ces donn\u00e9es au cours du projet, notamment par le biais de mises \u00e0 jour sur les prairies. Nous communiquerons les connaissances issues de la recherche actuelle sur les herbages par le biais de\u00a0<strong>un webinaire<\/strong>\u00a0pr\u00e9senter \u00e0 l'industrie. Dans l'ouest comme dans l'est du pays, les partenaires du projet vont\u00a0<strong>Une journ\u00e9e \u00e0 l'herbe dans une ferme pratique<\/strong>\u00a0organiser. Ces journ\u00e9es de l'herbe couvriront ensuite divers aspects de la gestion des prairies, du semis \u00e0 l'ensilage. Enfin, les Journ\u00e9es de l'herbe\u00a0<strong>un outil de conseil\u00a0<\/strong>Il s'agit d'\u00e9laborer un plan d'action permettant de collecter des donn\u00e9es, des chiffres cl\u00e9s et des conseils et de les \u00e9laborer de mani\u00e8re uniforme.<\/p>\n<p><img decoding=\"async\" class=\"alignnone wp-image-5363\" src=\"https:\/\/www.pvl-vzw.be\/wp-content\/uploads\/2024\/12\/Graskracht-300x178.png\" alt=\"\" width=\"206\" height=\"122\" srcset=\"https:\/\/www.pvl-vzw.be\/wp-content\/uploads\/2024\/12\/Graskracht-300x178.png 300w, https:\/\/www.pvl-vzw.be\/wp-content\/uploads\/2024\/12\/Graskracht-18x12.png 18w, https:\/\/www.pvl-vzw.be\/wp-content\/uploads\/2024\/12\/Graskracht.png 564w\" sizes=\"(max-width: 206px) 100vw, 206px\" \/><\/p>\n<p>&nbsp;<\/p>","protected":false},"featured_media":5362,"template":"","meta":{"_acf_changed":false,"site-sidebar-layout":"default","site-content-layout":"","ast-site-content-layout":"default","site-content-style":"default","site-sidebar-style":"default","ast-global-header-display":"","ast-banner-title-visibility":"","ast-main-header-display":"","ast-hfb-above-header-display":"","ast-hfb-below-header-display":"","ast-hfb-mobile-header-display":"","site-post-title":"","ast-breadcrumbs-content":"","ast-featured-img":"","footer-sml-layout":"","ast-disable-related-posts":"","theme-transparent-header-meta":"default","adv-header-id-meta":"","stick-header-meta":"","header-above-stick-meta":"","header-main-stick-meta":"","header-below-stick-meta":"","astra-migrate-meta-layouts":"set","ast-page-background-enabled":"default","ast-page-background-meta":{"desktop":{"background-color":"","background-image":"","background-repeat":"repeat","background-position":"center center","background-size":"auto","background-attachment":"scroll","background-type":"","background-media":"","overlay-type":"","overlay-color":"","overlay-opacity":"","overlay-gradient":""},"tablet":{"background-color":"","background-image":"","background-repeat":"repeat","background-position":"center center","background-size":"auto","background-attachment":"scroll","background-type":"","background-media":"","overlay-type":"","overlay-color":"","overlay-opacity":"","overlay-gradient":""},"mobile":{"background-color":"","background-image":"","background-repeat":"repeat","background-position":"center center","background-size":"auto","background-attachment":"scroll","background-type":"","background-media":"","overlay-type":"","overlay-color":"","overlay-opacity":"","overlay-gradient":""}},"ast-content-background-meta":{"desktop":{"background-color":"var(--ast-global-color-5)","background-image":"","background-repeat":"repeat","background-position":"center center","background-size":"auto","background-attachment":"scroll","background-type":"","background-media":"","overlay-type":"","overlay-color":"","overlay-opacity":"","overlay-gradient":""},"tablet":{"background-color":"var(--ast-global-color-5)","background-image":"","background-repeat":"repeat","background-position":"center center","background-size":"auto","background-attachment":"scroll","background-type":"","background-media":"","overlay-type":"","overlay-color":"","overlay-opacity":"","overlay-gradient":""},"mobile":{"background-color":"var(--ast-global-color-5)","background-image":"","background-repeat":"repeat","background-position":"center center","background-size":"auto","background-attachment":"scroll","background-type":"","background-media":"","overlay-type":"","overlay-color":"","overlay-opacity":"","overlay-gradient":""}}},"categorie-projecten":[32],"class_list":["post-5360","projecten","type-projecten","status-publish","has-post-thumbnail","hentry","categorie-projecten-gewassen"],"acf":[],"_links":{"self":[{"href":"https:\/\/www.pvl-vzw.be\/fr\/wp-json\/wp\/v2\/projecten\/5360","targetHints":{"allow":["GET"]}}],"collection":[{"href":"https:\/\/www.pvl-vzw.be\/fr\/wp-json\/wp\/v2\/projecten"}],"about":[{"href":"https:\/\/www.pvl-vzw.be\/fr\/wp-json\/wp\/v2\/types\/projecten"}],"version-history":[{"count":0,"href":"https:\/\/www.pvl-vzw.be\/fr\/wp-json\/wp\/v2\/projecten\/5360\/revisions"}],"wp:featuredmedia":[{"embeddable":true,"href":"https:\/\/www.pvl-vzw.be\/fr\/wp-json\/wp\/v2\/media\/5362"}],"wp:attachment":[{"href":"https:\/\/www.pvl-vzw.be\/fr\/wp-json\/wp\/v2\/media?parent=5360"}],"wp:term":[{"taxonomy":"categorie-projecten","embeddable":true,"href":"https:\/\/www.pvl-vzw.be\/fr\/wp-json\/wp\/v2\/categorie-projecten?post=5360"}],"curies":[{"name":"wp","href":"https:\/\/api.w.org\/{rel}","templated":true}]}}