{"id":2391,"date":"2021-03-01T10:41:18","date_gmt":"2021-03-01T10:41:18","guid":{"rendered":"https:\/\/www.pvl-vzw.be\/?post_type=projecten&#038;p=2391"},"modified":"2023-11-10T10:09:15","modified_gmt":"2023-11-10T10:09:15","slug":"evaluatie-van-het-potentieel-van-lokale-maatregelen-voor-watercaptatie-en-opslag-voor-de-landbouw-in-limburg","status":"publish","type":"projecten","link":"https:\/\/www.pvl-vzw.be\/fr\/projecten\/evaluatie-van-het-potentieel-van-lokale-maatregelen-voor-watercaptatie-en-opslag-voor-de-landbouw-in-limburg\/","title":{"rendered":"\u00c9valuation du potentiel des mesures locales de captage et de stockage de l'eau pour l'agriculture dans le Limbourg"},"content":{"rendered":"<p>Le projet \"\u00c9valuation du potentiel des mesures locales de captage et de stockage de l'eau pour l'agriculture dans le Limbourg\" a d\u00e9but\u00e9 le 1er mars 2021. Ce projet a \u00e9t\u00e9 approuv\u00e9 dans le cadre du Fonds d'innovation pour la s\u00e9cheresse (DIF). Ce fonds a \u00e9t\u00e9 cr\u00e9\u00e9 par la province du Limbourg en 2020 afin de rendre le secteur agricole et horticole limbourgeois plus r\u00e9silient face \u00e0 la s\u00e9cheresse.<\/p>\n<p>Ce projet \u00e9value le potentiel de diff\u00e9rentes mesures locales de captage et de stockage de l'eau dans le Limbourg, en utilisant un protocole pour \u00e9valuer tous les aspects pertinents d'une mesure donn\u00e9e.<br \/>\nLa faisabilit\u00e9 pratique et financi\u00e8re de ces mesures est ainsi examin\u00e9e en d\u00e9tail. Il est notamment question de la collecte de l'eau au niveau de l'exploitation ou du champ, de l'utilisation d'eau trait\u00e9e provenant de stations d'\u00e9puration et de l'industrie, du drainage \u00e0 niveau contr\u00f4l\u00e9, etc. \u00c0 l'heure actuelle, cette faisabilit\u00e9 et cette rentabilit\u00e9 restent souvent floues pour le producteur\/agriculteur de fruits.<\/p>\n<p>Toutefois, il est essentiel de l'\u00e9valuer avant de mettre en \u0153uvre une mesure. Dans un premier temps, il s'agira d'exploiter au maximum les informations d\u00e9j\u00e0 disponibles et acquises dans le cadre d'autres projets, m\u00eame s'il sera \u00e9galement n\u00e9cessaire d'effectuer certaines analyses pour mieux conna\u00eetre, par exemple, la qualit\u00e9 de l'eau.<\/p>\n<p>Le r\u00e9sultat du projet vise \u00e0 garantir que les agriculteurs et horticulteurs individuels puissent rapidement et clairement voir quelles mesures peuvent \u00eatre appliqu\u00e9es ou non dans leurs exploitations. Le projet aboutira donc \u00e0 un \"outil\" pr\u00eat \u00e0 l'emploi pour les agriculteurs et les horticulteurs.<\/p>","protected":false},"featured_media":3887,"template":"","meta":{"_acf_changed":false,"site-sidebar-layout":"default","site-content-layout":"default","ast-site-content-layout":"default","site-content-style":"default","site-sidebar-style":"default","ast-global-header-display":"","ast-banner-title-visibility":"","ast-main-header-display":"","ast-hfb-above-header-display":"","ast-hfb-below-header-display":"","ast-hfb-mobile-header-display":"","site-post-title":"","ast-breadcrumbs-content":"","ast-featured-img":"","footer-sml-layout":"","ast-disable-related-posts":"","theme-transparent-header-meta":"default","adv-header-id-meta":"","stick-header-meta":"","header-above-stick-meta":"","header-main-stick-meta":"","header-below-stick-meta":"","astra-migrate-meta-layouts":"set","ast-page-background-enabled":"default","ast-page-background-meta":{"desktop":{"background-color":"","background-image":"","background-repeat":"repeat","background-position":"center center","background-size":"auto","background-attachment":"scroll","background-type":"","background-media":"","overlay-type":"","overlay-color":"","overlay-opacity":"","overlay-gradient":""},"tablet":{"background-color":"","background-image":"","background-repeat":"repeat","background-position":"center center","background-size":"auto","background-attachment":"scroll","background-type":"","background-media":"","overlay-type":"","overlay-color":"","overlay-opacity":"","overlay-gradient":""},"mobile":{"background-color":"","background-image":"","background-repeat":"repeat","background-position":"center center","background-size":"auto","background-attachment":"scroll","background-type":"","background-media":"","overlay-type":"","overlay-color":"","overlay-opacity":"","overlay-gradient":""}},"ast-content-background-meta":{"desktop":{"background-color":"var(--ast-global-color-5)","background-image":"","background-repeat":"repeat","background-position":"center center","background-size":"auto","background-attachment":"scroll","background-type":"","background-media":"","overlay-type":"","overlay-color":"","overlay-opacity":"","overlay-gradient":""},"tablet":{"background-color":"var(--ast-global-color-5)","background-image":"","background-repeat":"repeat","background-position":"center center","background-size":"auto","background-attachment":"scroll","background-type":"","background-media":"","overlay-type":"","overlay-color":"","overlay-opacity":"","overlay-gradient":""},"mobile":{"background-color":"var(--ast-global-color-5)","background-image":"","background-repeat":"repeat","background-position":"center center","background-size":"auto","background-attachment":"scroll","background-type":"","background-media":"","overlay-type":"","overlay-color":"","overlay-opacity":"","overlay-gradient":""}}},"categorie-projecten":[35],"class_list":["post-2391","projecten","type-projecten","status-publish","has-post-thumbnail","hentry","categorie-projecten-water"],"acf":[],"_links":{"self":[{"href":"https:\/\/www.pvl-vzw.be\/fr\/wp-json\/wp\/v2\/projecten\/2391","targetHints":{"allow":["GET"]}}],"collection":[{"href":"https:\/\/www.pvl-vzw.be\/fr\/wp-json\/wp\/v2\/projecten"}],"about":[{"href":"https:\/\/www.pvl-vzw.be\/fr\/wp-json\/wp\/v2\/types\/projecten"}],"version-history":[{"count":0,"href":"https:\/\/www.pvl-vzw.be\/fr\/wp-json\/wp\/v2\/projecten\/2391\/revisions"}],"wp:featuredmedia":[{"embeddable":true,"href":"https:\/\/www.pvl-vzw.be\/fr\/wp-json\/wp\/v2\/media\/3887"}],"wp:attachment":[{"href":"https:\/\/www.pvl-vzw.be\/fr\/wp-json\/wp\/v2\/media?parent=2391"}],"wp:term":[{"taxonomy":"categorie-projecten","embeddable":true,"href":"https:\/\/www.pvl-vzw.be\/fr\/wp-json\/wp\/v2\/categorie-projecten?post=2391"}],"curies":[{"name":"wp","href":"https:\/\/api.w.org\/{rel}","templated":true}]}}